{"id":21377,"date":"2020-08-05T20:52:51","date_gmt":"2020-08-06T00:52:51","guid":{"rendered":"https:\/\/sabereswp.saberesafricanos.net\/index.php\/evento\/6-de-agosto-de-1962-independencia-de-jamaica-6\/"},"modified":"2020-08-05T20:52:51","modified_gmt":"2020-08-06T00:52:51","slug":"6-de-agosto-de-1962-independencia-de-jamaica-6","status":"publish","type":"tribe_events","link":"https:\/\/sabereswp.saberesafricanos.net\/index.php\/evento\/6-de-agosto-de-1962-independencia-de-jamaica-6\/","title":{"rendered":"6 de agosto de 1962: Independencia de Jamaica"},"content":{"rendered":"<p><img loading=\"lazy\" decoding=\"async\" class=\" size-full wp-image-21367\" src=\"https:\/\/sabereswp.saberesafricanos.net\/wp-content\/uploads\/2020\/08\/Jamaica-a33.png\" alt=\"Jamaica\" width=\"300\" height=\"151\" style=\"border: 2px solid #ffffff; display: block; margin-left: auto; margin-right: auto;\" \/><\/p>\n<p><strong>6 de agosto de 1962: Independencia de Jamaica<\/strong><\/p>\n<p>Luego de la II gran Guerra Europea (Mundial), el gobierno brit\u00e1nico y los pol\u00edticos locales iniciaron una larga negociaci\u00f3n para convertir a Jamaica en un estado independiente. La escena pol\u00edtica estaba dominada por el PNP y el JLP, con las casas del legislador en manos de la conmutaci\u00f3n entre los dos a lo largo de la d\u00e9cada de 1950.&nbsp;Despu\u00e9s de que <strong>Norman Manley<\/strong> fuese elegido Primer Ministro en 1955, se aceler\u00f3 el proceso de descolonizaci\u00f3n a trav\u00e9s de varias enmiendas constitucionales. Estas modificaciones permitieron una mayor autonom\u00eda y estableci\u00f3 un gabinete&nbsp;de ministros en virtud de un primer Ministro de Jamaica.16\u200b<\/p>\n<p>Con Norman Manley, Jamaica ingres\u00f3 a la <strong>Federaci\u00f3n de las Indias Occidentales <\/strong>(brit\u00e1nica), una uni\u00f3n pol\u00edtica de las islas del Caribe. Los resultados de un refer\u00e9ndum en 1961 celebrado por el primer ministro Norman Manley result\u00f3 en la retirada de la colonia de la uni\u00f3n en 1962. La Federaci\u00f3n de las Indias Occidentales feneci\u00f3 en ese a\u00f1o&nbsp; tras la salida de Trinidad y Tobago.<\/p>\n<p>En las elecciones de 1962, el JLP derrot\u00f3 a el PNP, lo que acab\u00f3 en la ascensi\u00f3n de <strong>Alejandro Bustamante<\/strong> a la jefatura del gobierno en abril de ese a\u00f1o. El 19 de julio de 1962, el Parlamento del Reino Unido aprob\u00f3 el Acta de Independencia de Jamaica, la concesi\u00f3n de la independencia a partir del 6 de agosto.<\/p>\n<hr \/>\n<p>.Publicado por AiSUR<\/p>\n<p>&nbsp;<\/p>\n","protected":false},"excerpt":{"rendered":"<p>6 de agosto de 1962: Independencia de Jamaica Luego de la II gran Guerra Europea (Mundial), el gobierno brit\u00e1nico y los pol\u00edticos locales iniciaron una larga negociaci\u00f3n para convertir a [&hellip;]<\/p>\n","protected":false},"author":3,"featured_media":21367,"template":"","meta":{"_acf_changed":false,"_EventAllDay":true,"_EventTimezone":"America\/Caracas","_EventStartDate":"2023-08-06 00:00:00","_EventEndDate":"2023-08-06 23:00:00","_EventStartDateUTC":"2023-08-06 04:00:00","_EventEndDateUTC":"2023-08-07 03:00:00","_EventShowMap":true,"_EventShowMapLink":true,"_EventURL":"","_EventCost":"","_EventCostDescription":"","_EventCurrencySymbol":"","_EventCurrencyCode":"","_EventCurrencyPosition":"","_EventDateTimeSeparator":"","_EventTimeRangeSeparator":"","_EventOrganizerID":[0],"_EventVenueID":[21365],"_OrganizerEmail":"","_OrganizerPhone":"","_OrganizerWebsite":"","_VenueAddress":"","_VenueCity":"","_VenueCountry":"","_VenueProvince":"","_VenueState":"","_VenueZip":"","_VenuePhone":"","_VenueURL":"","_VenueStateProvince":"","_VenueLat":"","_VenueLng":"","_VenueShowMap":false,"_VenueShowMapLink":false,"_tribe_events_status":"","_tribe_events_status_reason":"","footnotes":""},"tags":[],"tribe_events_cat":[4684],"class_list":["post-21377","tribe_events","type-tribe_events","status-publish","has-post-thumbnail","hentry","tribe_events_cat-efemerides","cat_efemerides"],"blocksy_meta":[],"acf":[],"_links":{"self":[{"href":"https:\/\/sabereswp.saberesafricanos.net\/index.php\/wp-json\/wp\/v2\/tribe_events\/21377","targetHints":{"allow":["GET"]}}],"collection":[{"href":"https:\/\/sabereswp.saberesafricanos.net\/index.php\/wp-json\/wp\/v2\/tribe_events"}],"about":[{"href":"https:\/\/sabereswp.saberesafricanos.net\/index.php\/wp-json\/wp\/v2\/types\/tribe_events"}],"author":[{"embeddable":true,"href":"https:\/\/sabereswp.saberesafricanos.net\/index.php\/wp-json\/wp\/v2\/users\/3"}],"version-history":[{"count":0,"href":"https:\/\/sabereswp.saberesafricanos.net\/index.php\/wp-json\/wp\/v2\/tribe_events\/21377\/revisions"}],"wp:featuredmedia":[{"embeddable":true,"href":"https:\/\/sabereswp.saberesafricanos.net\/index.php\/wp-json\/wp\/v2\/media\/21367"}],"wp:attachment":[{"href":"https:\/\/sabereswp.saberesafricanos.net\/index.php\/wp-json\/wp\/v2\/media?parent=21377"}],"wp:term":[{"taxonomy":"post_tag","embeddable":true,"href":"https:\/\/sabereswp.saberesafricanos.net\/index.php\/wp-json\/wp\/v2\/tags?post=21377"},{"taxonomy":"tribe_events_cat","embeddable":true,"href":"https:\/\/sabereswp.saberesafricanos.net\/index.php\/wp-json\/wp\/v2\/tribe_events_cat?post=21377"}],"curies":[{"name":"wp","href":"https:\/\/api.w.org\/{rel}","templated":true}]}}