{"id":21571,"date":"2020-08-21T00:48:02","date_gmt":"2020-08-21T04:48:02","guid":{"rendered":"https:\/\/sabereswp.saberesafricanos.net\/index.php\/evento\/23-de-agosto-dia-internacional-del-recuerdo-de-la-trata-de-esclavos-y-de-su-abolicion-7\/"},"modified":"2020-08-21T00:48:02","modified_gmt":"2020-08-21T04:48:02","slug":"23-de-agosto-dia-internacional-del-recuerdo-de-la-trata-de-esclavos-y-de-su-abolicion-7","status":"publish","type":"tribe_events","link":"https:\/\/sabereswp.saberesafricanos.net\/index.php\/evento\/23-de-agosto-dia-internacional-del-recuerdo-de-la-trata-de-esclavos-y-de-su-abolicion-7\/","title":{"rendered":"23 de agosto: D\u00eda Internacional del Recuerdo de la Trata de Esclavos y de su Abolici\u00f3n"},"content":{"rendered":"<p><img decoding=\"async\" class=\" size-full wp-image-11389\" src=\"https:\/\/sabereswp.saberesafricanos.net\/wp-content\/uploads\/2020\/08\/Insurrecion_en_Haiti_en_1791-1a3.jpg\" alt=\"Insurreci\u00f3n en Hait\u00ed en 1791\" width=\"750\" dir=\"ltr\" style=\"border: 2px solid #ffffff; display: block; margin-left: auto; margin-right: auto;\" loading=\"lazy\" srcset=\"https:\/\/sabereswp.saberesafricanos.net\/wp-content\/uploads\/2020\/08\/Insurrecion_en_Haiti_en_1791-1a3.jpg 701w, https:\/\/sabereswp.saberesafricanos.net\/wp-content\/uploads\/2020\/08\/Insurrecion_en_Haiti_en_1791-1a3-300x225.jpg 300w\" sizes=\"auto, (max-width: 701px) 100vw, 701px\" \/><\/p>\n<p><strong>23 de agosto: D\u00eda Internacional del Recuerdo de la Trata de Esclavos y de su Abolici\u00f3n<\/strong><\/p>\n<p>La Conferencia General de la Unesco proclama el 23 de agosto de cada a\u00f1o D\u00eda Internacional del Recuerdo de la Trata de Esclavos y de su Abolici\u00f3n. El 23 de agosto se recuerda el aniversario de la insurrecci\u00f3n, en 1791, de los hombres y mujeres sometidos a la esclavitud en Saint-Domingue, la parte occidental de la isla de La Espa\u00f1ola que, al proclamar su independencia, recuper\u00f3 su nombre amerindio original: Hait\u00ed.<\/p>\n<p><strong>La insurreci\u00f3n de 1791 en Hait\u00ed<\/strong><\/p>\n<p>La isla de Hait\u00ed fue escenario en 1791 del primer gran movimiento revolucionario en la Am\u00e9rica. Fue el lugar en el que estall\u00f3 la primera sublevaci\u00f3n masiva de esclavizados que deriv\u00f3 en la creaci\u00f3n de un estado independiente en 1804.<\/p>\n<p>El levantamiento inici\u00f3 en Santo Domingo, colonia de Francia, que despuntaba por su elevada producci\u00f3n de mercanc\u00edas cotizadas en los mercados internacionales, como el az\u00facar, el caf\u00e9, el algod\u00f3n o el a\u00f1il.&nbsp;<\/p>\n<p>Con una econom\u00eda basada en la esclavitud, exist\u00eda gran desequilibrio en la isla, que contaba con cerca de 570.000 habitantes. Los esclavizados representaban el 88 por ciento, la poblaci\u00f3n negra libre, el cinco por ciento y los colonos blancos, el siete por ciento.&nbsp;<\/p>\n<p>Estos \u00faltimos, acaparaban el 70 por ciento de la riqueza ..<\/p>\n<p><strong>\u00bfQu\u00e9 ocurri\u00f3?<\/strong><\/p>\n<p>Una noche de agosto de 1791, <strong>Dutty Baukman<\/strong>, un esclavizado originario de Jamaica, quien era sacerdote vudu,&nbsp; se convirti\u00f3 en el l\u00edder de los esclavizados en una asamblea (14 de agosto de 1791) que mezclaba misticismo vud\u00fa y demandas pol\u00edticas de libertad. La rebeli\u00f3n de estos esclavizados organizados se propag\u00f3 r\u00e1pidamente por los actuales territorios de Hait\u00ed y Rep\u00fablica Dominicana y as\u00ed m\u00e1s de cien grandes haciendas azucareras y m\u00e1s de mil haciendas cafeteras fueron incendiadas. M\u00e1s de 40.000 esclavizados insurrectos conformaron un ej\u00e9rcito a los que luego se les sumaron una fracci\u00f3n de mestizos hastiados de su carencia de derechos frente a los blancos. Baukman caer\u00eda muerto pero el ej\u00e9rcito de esclavos no se rendir\u00eda frente a las tropas francesas.<\/p>\n<p>A la muerte de Baukman, el que le sigui\u00f3 como l\u00edder del ejercito era el esclavo <strong>Toussaint L\u2019ouverture<\/strong>,&nbsp; que fue cochero lo que le permiti\u00f3 vivir en mejores condiciones y tener cierto a acceso a la cultura, accediendo a algunas de las ideas de la Ilustraci\u00f3n, como que los hombres \u00e9ramos iguales por naturaleza.<\/p>\n<p>Derrotada la conspiraci\u00f3n dirigida por Baukman, Toussaint y el ej\u00e9rcito se repleg\u00f3 a la parte Este de la isla de Santo Domingo, que se encontraba bajo dominio espa\u00f1ol. All\u00ed se incorporaron al ej\u00e9rcito del Rey de Espa\u00f1a, a cambio de la promesa de la libertad de los esclavos que se unieran a su reino. Para Espa\u00f1a esto signific\u00f3 la posibilidad de herir a Francia quit\u00e1ndole su colonia m\u00e1s rica. Pero la situaci\u00f3n de \u00e9sta \u00faltima gir\u00f3, al llegar los jacobinos (el ala m\u00e1s radical de la burgues\u00eda al comienzo de la revoluci\u00f3n) al poder y radicalizarse la revoluci\u00f3n y dar lugar al surgimiento de la comuna de Par\u00eds que agrup\u00f3 al pueblo pobre, proletarios, artesanos y sans culottes (literalmente, los \u201csin calzones\u201d, los miembros de las clases m\u00e1s bajas y la mayor parte del ej\u00e9rcito revolucionario). En agosto de 1792 llegan comisionados de la Asamblea Legislativa de Francia para disciplinar la colonia y otorgar derechos pol\u00edticos. Pero a su llegada a Santo Domingo, las masas en Francia tomaron el Palacio de las Tuller\u00edas, s\u00edmbolo de la monarqu\u00eda. Un a\u00f1o despu\u00e9s se proclam\u00f3 que \u201clos hombres nacemos y devenimos iguales en nuestros derechos\u201d y se consider\u00f3 libres y ciudadanos de Francia a todos aquellos esclavos que combatieran junto a la rep\u00fablica. Tiempo despu\u00e9s Toussaint desertar\u00eda del ej\u00e9rcito espa\u00f1ol y se unir\u00eda al bando franc\u00e9s republicano. C.R.L. James dir\u00eda que as\u00ed surgi\u00f3 el jacobinismo negro, la rep\u00fablica radical era ahora la bandera del proletariado negro. Los trabajadores esclavos de Santo Domingo conquistaron su libertad y se encontraron a la cabeza del nuevo gobierno, con Toussaint, como l\u00edder indiscutido, como gobernador.<\/p>\n<p>As\u00ed las cosas, las disputas entre la burgues\u00eda y la nobleza en la metr\u00f3poli, abrieron el camino a la irrupci\u00f3n de las masas plebeyas en Francia y a su vez los esclavos contaron con \u00e9stas como apoyo sincero. Apoyo que fue debilitado por el avance de la reacci\u00f3n en la metr\u00f3poli y, posteriormente, con el ascenso de Napole\u00f3n Bonaparte. El gobierno de Napole\u00f3n, en Francia, busc\u00f3 afianzar el nuevo orden social conquistado, lo que implicaba reconquistar los dominios coloniales y restablecer la esclavitud.<\/p>\n<p>El \u00faltimo intento de Bonaparte fue con un ej\u00e9rcito de 60.000 hombres que enfrent\u00f3 al ejercito de ex esclavos que inscribieron en sus banderas \u201cLibertad o Muerte\u201d, \u00e9l cual dio una derrota rotunda a uno de los ej\u00e9rcitos m\u00e1s poderosos del mundo, produci\u00e9ndose luego la Declaraci\u00f3n de Independencia el 1 de enero de 1804 y la creaci\u00f3n de Hait\u00ed.<\/p>\n<p>La colonia de Santo Domingo se transform\u00f3 as\u00ed en Hait\u00ed dando paso a la primera revoluci\u00f3n social, que logr\u00f3 construir un Estado nacional propio y la primera en lograr la independencia en Am\u00e9rica Latina.<\/p>\n<hr \/>\n<p>Fuente: La Izquierda Diario, Nadia Petrovskaia<br \/>Publicado por AiSUR<\/p>\n","protected":false},"excerpt":{"rendered":"<p>23 de agosto: D\u00eda Internacional del Recuerdo de la Trata de Esclavos y de su Abolici\u00f3n La Conferencia General de la Unesco proclama el 23 de agosto de cada a\u00f1o [&hellip;]<\/p>\n","protected":false},"author":3,"featured_media":11389,"template":"","meta":{"_acf_changed":false,"_EventAllDay":true,"_EventTimezone":"America\/Caracas","_EventStartDate":"2023-08-23 00:00:00","_EventEndDate":"2023-08-23 23:50:00","_EventStartDateUTC":"2023-08-23 04:00:00","_EventEndDateUTC":"2023-08-24 03:50:00","_EventShowMap":true,"_EventShowMapLink":true,"_EventURL":"","_EventCost":"","_EventCostDescription":"","_EventCurrencySymbol":"","_EventCurrencyCode":"","_EventCurrencyPosition":"","_EventDateTimeSeparator":"","_EventTimeRangeSeparator":"","_EventOrganizerID":[0],"_EventVenueID":[19727],"_OrganizerEmail":"","_OrganizerPhone":"","_OrganizerWebsite":"","_VenueAddress":"","_VenueCity":"","_VenueCountry":"","_VenueProvince":"","_VenueState":"","_VenueZip":"","_VenuePhone":"","_VenueURL":"","_VenueStateProvince":"","_VenueLat":"","_VenueLng":"","_VenueShowMap":false,"_VenueShowMapLink":false,"_tribe_events_status":"","_tribe_events_status_reason":"","footnotes":""},"tags":[],"tribe_events_cat":[4684],"class_list":["post-21571","tribe_events","type-tribe_events","status-publish","has-post-thumbnail","hentry","tribe_events_cat-efemerides","cat_efemerides"],"blocksy_meta":[],"acf":[],"_links":{"self":[{"href":"https:\/\/sabereswp.saberesafricanos.net\/index.php\/wp-json\/wp\/v2\/tribe_events\/21571","targetHints":{"allow":["GET"]}}],"collection":[{"href":"https:\/\/sabereswp.saberesafricanos.net\/index.php\/wp-json\/wp\/v2\/tribe_events"}],"about":[{"href":"https:\/\/sabereswp.saberesafricanos.net\/index.php\/wp-json\/wp\/v2\/types\/tribe_events"}],"author":[{"embeddable":true,"href":"https:\/\/sabereswp.saberesafricanos.net\/index.php\/wp-json\/wp\/v2\/users\/3"}],"version-history":[{"count":0,"href":"https:\/\/sabereswp.saberesafricanos.net\/index.php\/wp-json\/wp\/v2\/tribe_events\/21571\/revisions"}],"wp:featuredmedia":[{"embeddable":true,"href":"https:\/\/sabereswp.saberesafricanos.net\/index.php\/wp-json\/wp\/v2\/media\/11389"}],"wp:attachment":[{"href":"https:\/\/sabereswp.saberesafricanos.net\/index.php\/wp-json\/wp\/v2\/media?parent=21571"}],"wp:term":[{"taxonomy":"post_tag","embeddable":true,"href":"https:\/\/sabereswp.saberesafricanos.net\/index.php\/wp-json\/wp\/v2\/tags?post=21571"},{"taxonomy":"tribe_events_cat","embeddable":true,"href":"https:\/\/sabereswp.saberesafricanos.net\/index.php\/wp-json\/wp\/v2\/tribe_events_cat?post=21571"}],"curies":[{"name":"wp","href":"https:\/\/api.w.org\/{rel}","templated":true}]}}