{"id":21697,"date":"2020-09-09T22:51:35","date_gmt":"2020-09-10T02:51:35","guid":{"rendered":"https:\/\/sabereswp.saberesafricanos.net\/index.php\/evento\/15-de-septiembre-de-1821-independencia-de-5-paises-centroamericanos-6\/"},"modified":"2020-09-09T22:51:35","modified_gmt":"2020-09-10T02:51:35","slug":"15-de-septiembre-de-1821-independencia-de-5-paises-centroamericanos-6","status":"publish","type":"tribe_events","link":"https:\/\/sabereswp.saberesafricanos.net\/index.php\/evento\/15-de-septiembre-de-1821-independencia-de-5-paises-centroamericanos-6\/","title":{"rendered":"15 de septiembre de 1821: Independencia de 5 pa\u00edses centroamericanos"},"content":{"rendered":"<p><img decoding=\"async\" class=\" size-full wp-image-21686\" src=\"https:\/\/sabereswp.saberesafricanos.net\/wp-content\/uploads\/2020\/09\/Banderas_Centroamericanas-b9c.jpg\" alt=\"Banderas Centroamericanas\" dir=\"ltr\" style=\"border: 2px solid #ffffff; display: block; margin-left: auto; margin-right: auto;\" loading=\"lazy\" width=\"863\" height=\"486\" srcset=\"https:\/\/sabereswp.saberesafricanos.net\/wp-content\/uploads\/2020\/09\/Banderas_Centroamericanas-b9c.jpg 863w, https:\/\/sabereswp.saberesafricanos.net\/wp-content\/uploads\/2020\/09\/Banderas_Centroamericanas-b9c-300x169.jpg 300w, https:\/\/sabereswp.saberesafricanos.net\/wp-content\/uploads\/2020\/09\/Banderas_Centroamericanas-b9c-768x433.jpg 768w\" sizes=\"auto, (max-width: 863px) 100vw, 863px\" \/><\/p>\n<p><strong>15 de septiembre de 1821: Independencia de los pa\u00edses centroamericanos: Costa Rica, El Salvador, Guatemala, Honduras y Nicaragua<\/strong><\/p>\n<p>La Independencia de Centro Am\u00e9rica es la celebraci\u00f3n por parte de Guatemala, Honduras, El Salvador, Nicaragua y Costa Rica, de la firma del Acta de Independencia de Am\u00e9rica Central el 15 de septiembre de 1821. La <strong>Capitan\u00eda de Centroam\u00e9rica<\/strong> estaba conformada por las provincias de Guatemala, Chiapas, Comayagua, San Salvador, Nicaragua y Costa Rica, de esa forma se separaban de Espa\u00f1a.<\/p>\n<p>La independencia centroamericana tom\u00f3 impulso despu\u00e9s de la ocupaci\u00f3n francesa de 1808 en Espa\u00f1a, que cre\u00f3 un caos pol\u00edtico en la pen\u00ednsula ib\u00e9rica que termin\u00f3 con la formaci\u00f3n de diferentes grupos de rebeli\u00f3n popular que confomaron Juntas de Gobiernos en toda Am\u00e9rica.<\/p>\n<p>El primer movimiento independentista en Centroam\u00e9rica se dio en el 5 de noviembre de 1811, cuando una conspiraci\u00f3n encabezada por los curas Jos\u00e9 Matias Delgado y Nicol\u00e1s Aguilar intent\u00f3 apoderarse de unas armas que exist\u00edan en la casamata de San Salvador. A este movimiento le siguieron revueltas en Nicaragua, la conjuraci\u00f3n de Bel\u00e9n y otros movimientos de 1814 a 1821. Una reuni\u00f3n entre las mismas autoridades coloniales y una junta de notables compuesta por l\u00edderes religiosos y criollos ilustrados, termin\u00f3 el 15 de septiembre de 1821 con el dominio espa\u00f1ol en la antigua capitan\u00eda general de <strong>Guatemala<\/strong>, que comprend\u00eda el actual territorio del estado de Chiapas y las rep\u00fablicas de Guatemala, Honduras, El Salvador y Nicaragua.<\/p>\n<p>La obtenci\u00f3n de la independencia de Centroam\u00e9rica fue relativamente pac\u00edfica, a diferencia de los otros pa\u00edses americanos, los cuales libraron fieras batallas para alcanzar la independencia&nbsp;<\/p>\n<p><strong>Algunos pr\u00f3ceres de la independencia de Centroam\u00e9rica<\/strong><\/p>\n<p><strong>Manuel Jos\u00e9 de Arce y Fagoaga<\/strong><\/p>\n<p>El General Manuel Jos\u00e9 de Arce y Fagoaga,&nbsp; fue un militar y pol\u00edtico de El Salvador, y primer Presidente de la Rep\u00fablica Federal de Centroam\u00e9rica.<\/p>\n<p><strong>Jos\u00e9 Mat\u00edas Delgado<\/strong><\/p>\n<p>Dirigi\u00f3 junto con su sobrino Manuel Jos\u00e9 Arce y Fagoaga y otros patriotas criollos el movimiento insurreccional del 5 de noviembre de 1811, fecha en que la leyenda ha perpetuado que fue \u00e9l quien toc\u00f3, a rebato, las campanas de la Iglesia de La Merced.<\/p>\n<p><strong>Jos\u00e9 Cecilio del Valle<\/strong><\/p>\n<p>Fue un fil\u00f3sofo, pol\u00edtico, abogado y periodista, centroamericano que redact\u00f3 el acta de independencia de Centroam\u00e9rica. Fue diputado al primer Congreso Constituyente de M\u00e9xico, Alcalde de Guatemala, Presidente de las Provincias Unidas de Centroam\u00e9rica y Ministro de Relaciones Exteriores de M\u00e9xico entre otros cargos importantes.<\/p>\n<p><strong>Los hermanos sacerdotes Aguilar y Bustamante: Nicol\u00e1s, Miguel y Vicente<\/strong><\/p>\n<p>Aunque de avanzadas edades, tomaron parte activa en la gesta libertaria del 5 de noviembre de 1811. Fueron sometidos a fuertes castigos por sus posiciones patri\u00f3ticas.<\/p>\n<hr \/>\n<p>&nbsp;Por AiSUR<\/p>\n","protected":false},"excerpt":{"rendered":"<p>15 de septiembre de 1821: Independencia de los pa\u00edses centroamericanos: Costa Rica, El Salvador, Guatemala, Honduras y Nicaragua La Independencia de Centro Am\u00e9rica es la celebraci\u00f3n por parte de Guatemala, [&hellip;]<\/p>\n","protected":false},"author":5,"featured_media":21686,"template":"","meta":{"_acf_changed":false,"_EventAllDay":true,"_EventTimezone":"America\/Caracas","_EventStartDate":"2023-09-15 00:00:00","_EventEndDate":"2023-09-15 23:59:59","_EventStartDateUTC":"2023-09-15 04:00:00","_EventEndDateUTC":"2023-09-16 03:59:59","_EventShowMap":true,"_EventShowMapLink":true,"_EventURL":"","_EventCost":"","_EventCostDescription":"","_EventCurrencySymbol":"","_EventCurrencyCode":"","_EventCurrencyPosition":"","_EventDateTimeSeparator":"","_EventTimeRangeSeparator":"","_EventOrganizerID":[0],"_EventVenueID":[21685],"_OrganizerEmail":"","_OrganizerPhone":"","_OrganizerWebsite":"","_VenueAddress":"","_VenueCity":"","_VenueCountry":"","_VenueProvince":"","_VenueState":"","_VenueZip":"","_VenuePhone":"","_VenueURL":"","_VenueStateProvince":"","_VenueLat":"","_VenueLng":"","_VenueShowMap":false,"_VenueShowMapLink":false,"_tribe_events_status":"","_tribe_events_status_reason":"","footnotes":""},"tags":[],"tribe_events_cat":[4684],"class_list":["post-21697","tribe_events","type-tribe_events","status-publish","has-post-thumbnail","hentry","tribe_events_cat-efemerides","cat_efemerides"],"blocksy_meta":[],"acf":[],"_links":{"self":[{"href":"https:\/\/sabereswp.saberesafricanos.net\/index.php\/wp-json\/wp\/v2\/tribe_events\/21697","targetHints":{"allow":["GET"]}}],"collection":[{"href":"https:\/\/sabereswp.saberesafricanos.net\/index.php\/wp-json\/wp\/v2\/tribe_events"}],"about":[{"href":"https:\/\/sabereswp.saberesafricanos.net\/index.php\/wp-json\/wp\/v2\/types\/tribe_events"}],"author":[{"embeddable":true,"href":"https:\/\/sabereswp.saberesafricanos.net\/index.php\/wp-json\/wp\/v2\/users\/5"}],"version-history":[{"count":0,"href":"https:\/\/sabereswp.saberesafricanos.net\/index.php\/wp-json\/wp\/v2\/tribe_events\/21697\/revisions"}],"wp:featuredmedia":[{"embeddable":true,"href":"https:\/\/sabereswp.saberesafricanos.net\/index.php\/wp-json\/wp\/v2\/media\/21686"}],"wp:attachment":[{"href":"https:\/\/sabereswp.saberesafricanos.net\/index.php\/wp-json\/wp\/v2\/media?parent=21697"}],"wp:term":[{"taxonomy":"post_tag","embeddable":true,"href":"https:\/\/sabereswp.saberesafricanos.net\/index.php\/wp-json\/wp\/v2\/tags?post=21697"},{"taxonomy":"tribe_events_cat","embeddable":true,"href":"https:\/\/sabereswp.saberesafricanos.net\/index.php\/wp-json\/wp\/v2\/tribe_events_cat?post=21697"}],"curies":[{"name":"wp","href":"https:\/\/api.w.org\/{rel}","templated":true}]}}